{"id":9784,"date":"2022-03-03T15:30:26","date_gmt":"2022-03-03T15:30:26","guid":{"rendered":"https:\/\/laubeholistic.com\/?post_type=product&#038;p=9784"},"modified":"2026-03-03T14:42:43","modified_gmt":"2026-03-03T14:42:43","slug":"tumacura","status":"publish","type":"product","link":"https:\/\/laubeholistic.com\/es\/shop\/tumacura\/","title":{"rendered":"TUMACURA (Mezcla de c\u00farcuma)"},"content":{"rendered":"<h1><span style=\"color: #000000;\"><strong>TUMACURA<\/strong> es una mezcla de c\u00farcuma org\u00e1nica pura (que contiene c\u00farcuma), harina de coco org\u00e1nica y pimienta negra molida.<\/span><\/h1>\n<div style=\"padding: 56.25% 0 0 0; position: relative;\"><iframe style=\"position: absolute; top: 0; left: 0; width: 100%; height: 100%;\" title=\"TUMACURA\" src=\"https:\/\/player.vimeo.com\/video\/1165670595?badge=0&amp;autopause=0&amp;player_id=0&amp;app_id=58479\" frameborder=\"0\"><\/iframe><\/div>\n<p><script src=\"https:\/\/player.vimeo.com\/api\/player.js\"><\/script><\/p>\n<p><span style=\"color: #000000;\">Tomar un suplemento de c\u00farcuma solo por v\u00eda oral tiene, en primer lugar, una biodisponibilidad muy baja (tasa de absorci\u00f3n) y, en segundo lugar, puede provocar malestar estomacal.<\/span><\/p>\n<p><span style=\"color: #000000;\">Es por eso que hemos mezclado c\u00farcuma fina con una grasa natural y piperina de pimienta negra, lo que asegura una absorci\u00f3n mucho mayor y no provoca sensaciones estomacales o g\u00e1stricas inc\u00f3modas.<\/span><\/p>\n<p><span style=\"color: #000000;\">Tiene una tasa de absorci\u00f3n muy potente debido a la pimienta negra a\u00f1adida (que contiene piperina) y la grasa natural de la harina de coco.<\/span><\/p>\n<p><span style=\"color: #000000;\"><strong>Los beneficios<\/strong> <strong>de TUMACURA<\/strong> <\/span><\/p>\n<p><span style=\"color: #000000;\">Antiinflamatorio, Antimicrobiano, Antis\u00e9ptico, Antioxidante, Ayuda contra las afecciones de la piel, Fortalece la inmunidad, reduce el dolor en las articulaciones.<\/span><\/p>\n<p><span style=\"color: #000000;\"><strong>Ayuda contra las afecciones de la piel.<\/strong> \u2013 En la medicina ayurv\u00e9dica, la c\u00farcuma se ha utilizado para tratar afecciones de la piel como el acn\u00e9, lo que ha sido respaldado por la ciencia moderna.<\/span><\/p>\n<p><span style=\"color: #000000;\"><strong>Dientes m\u00e1s blancos<\/strong> \u2013 sumergir el cepillo de dientes en un aceite alimentario (oliva, girasol, coco) y luego en el contenido abierto de una de nuestras c\u00e1psulas y cepillarse los dientes. Haga esto durante un mes.<\/span><\/p>\n<p><span style=\"color: #000000;\"><strong>Perdida de cabello<\/strong> \u2013 La curcumina, que es el ingrediente activo dentro de la c\u00farcuma, fortalece los fol\u00edculos pilosos seg\u00fan un estudio del instituto coreano. Cabello m\u00e1s saludable y de crecimiento m\u00e1s r\u00e1pido.<\/span><\/p>\n<p><span style=\"color: #000000;\">El contenido de una c\u00e1psula se mezcla con tres cucharadas de aceite vegetal para preparar una mascarilla para el cabello. P\u00e9galo en el cabello. Aplicar durante 30 minutos y luego lavar. De una a tres veces al mes.<\/span><\/p>\n<p><span style=\"color: #000000;\"><strong>Refuerza la inmunidad<\/strong> \u2013 aumenta las c\u00e9lulas T, las c\u00e9lulas B, los macr\u00f3fagos y los neutr\u00f3filos. Su sistema inmunol\u00f3gico recibe un impulso fant\u00e1stico.<\/span><\/p>\n<p><span style=\"color: #000000;\">Tambi\u00e9n puede detener el crecimiento de bacterias y par\u00e1sitos seg\u00fan el departamento de patolog\u00eda de la Universidad de Punjab.<\/span><\/p>\n<p><span style=\"color: #000000;\">A\u00fan hoy en India, la curcumina, el componente activo dentro de la c\u00farcuma, siempre se usa para decir adi\u00f3s al fr\u00edo. \u00bfNo ser\u00eda esto interesante durante estos tiempos que todos estamos experimentando?<\/span><\/p>\n<p><span style=\"color: #000000;\"><strong>Puede curar la piel da\u00f1ada.<\/strong> y heridas creando una pasta similar a la de la ca\u00edda del cabello y aplic\u00e1ndola sobre el \u00e1rea afectada t\u00f3picamente. Adem\u00e1s tu piel lucir\u00e1 m\u00e1s joven<\/span><\/p>\n<p><span style=\"color: #000000;\"><strong>Reduce el dolor articular<\/strong><\/span><\/p>\n<p><span style=\"color: #000000;\">Mejora el estado de \u00e1nimo y estimula la funci\u00f3n cerebral: se han realizado ensayos en los que se ha demostrado que la c\u00farcuma diaria mejora la funci\u00f3n cognitiva y la memoria.<\/span><\/p>\n<p><span style=\"color: #000000;\"><strong>Adelgazar\u00e1s \u2013 un remedio natural para bajar kilos \u2013 <\/strong><\/span><span style=\"color: #000000;\">la curcumina en realidad puede suprimir <strong>crecimiento<\/strong> del tejido graso. Otra forma en la que <strong>c\u00farcuma<\/strong> ayuda en <strong>perder peso<\/strong> regulando los niveles de az\u00facar y previniendo a\u00fan m\u00e1s la resistencia a la insulina. <\/span><\/p>\n<p><span style=\"color: #000000;\">Esto da como resultado un exceso de grasa que no se retiene en el cuerpo.<\/span><\/p>","protected":false},"excerpt":{"rendered":"<p><span style=\"color: #000000;\">Una fina mezcla de c\u00farcuma, coco y pimienta negra.<\/span><\/p>\n<p><span style=\"color: #000000;\">Alta tasa de absorci\u00f3n<\/span><\/p>\n<p><span style=\"color: #000000;\">Tama\u00f1o de la c\u00e1psula \"00\", vegetariana con 1g por c\u00e1psula.<\/span><\/p>\n<p><span style=\"color: #000000;\">Dosis: Dos c\u00e1psulas de TUMACURA tomadas con un vaso de agua al d\u00eda.<\/span><\/p>\n<p><span class=\"_5yl5\" style=\"color: #000000;\" data-reactid=\".2h.$mid=11416827275330=23ad044a3231aa88f85.2:0.0.0.0.0\">Ofrecemos pautas y orientaci\u00f3n claros y personales en caso de que necesite ayuda con el uso de vitamina C pura en forma de c\u00e1psulas.<\/span><\/p>","protected":false},"featured_media":10815,"comment_status":"open","ping_status":"closed","template":"","meta":{"ngg_post_thumbnail":0},"product_brand":[],"product_cat":[327],"product_tag":[309],"class_list":{"0":"post-9784","1":"product","2":"type-product","3":"status-publish","4":"has-post-thumbnail","6":"product_cat-vitamin-supplements","7":"product_tag-turmeric-blend","9":"first","10":"instock","11":"purchasable","12":"product-type-variable"},"_links":{"self":[{"href":"https:\/\/laubeholistic.com\/es\/wp-json\/wp\/v2\/product\/9784","targetHints":{"allow":["GET"]}}],"collection":[{"href":"https:\/\/laubeholistic.com\/es\/wp-json\/wp\/v2\/product"}],"about":[{"href":"https:\/\/laubeholistic.com\/es\/wp-json\/wp\/v2\/types\/product"}],"replies":[{"embeddable":true,"href":"https:\/\/laubeholistic.com\/es\/wp-json\/wp\/v2\/comments?post=9784"}],"wp:featuredmedia":[{"embeddable":true,"href":"https:\/\/laubeholistic.com\/es\/wp-json\/wp\/v2\/media\/10815"}],"wp:attachment":[{"href":"https:\/\/laubeholistic.com\/es\/wp-json\/wp\/v2\/media?parent=9784"}],"wp:term":[{"taxonomy":"product_brand","embeddable":true,"href":"https:\/\/laubeholistic.com\/es\/wp-json\/wp\/v2\/product_brand?post=9784"},{"taxonomy":"product_cat","embeddable":true,"href":"https:\/\/laubeholistic.com\/es\/wp-json\/wp\/v2\/product_cat?post=9784"},{"taxonomy":"product_tag","embeddable":true,"href":"https:\/\/laubeholistic.com\/es\/wp-json\/wp\/v2\/product_tag?post=9784"}],"curies":[{"name":"wp","href":"https:\/\/api.w.org\/{rel}","templated":true}]}}